{"id":32,"date":"2019-01-10T10:28:51","date_gmt":"2019-01-10T10:28:51","guid":{"rendered":"http:\/\/voelkischer-schwarzmetall.de\/?page_id=32"},"modified":"2024-11-12T11:34:55","modified_gmt":"2024-11-12T11:34:55","slug":"discography","status":"publish","type":"page","link":"https:\/\/voelkischer-schwarzmetall.de\/?page_id=32","title":{"rendered":"Discography"},"content":{"rendered":"\n<p><\/p>\n\n\n\n<div class=\"wp-block-media-text alignwide\" style=\"grid-template-columns:31% auto\"><figure class=\"wp-block-media-text__media\"><img loading=\"lazy\" decoding=\"async\" width=\"1024\" height=\"1024\" src=\"https:\/\/voelkischer-schwarzmetall.de\/wp-content\/uploads\/2024\/11\/Unknown-1-1024x1024.jpg\" alt=\"\" class=\"wp-image-218 size-full\" srcset=\"https:\/\/voelkischer-schwarzmetall.de\/wp-content\/uploads\/2024\/11\/Unknown-1-1024x1024.jpg 1024w, https:\/\/voelkischer-schwarzmetall.de\/wp-content\/uploads\/2024\/11\/Unknown-1-300x300.jpg 300w, https:\/\/voelkischer-schwarzmetall.de\/wp-content\/uploads\/2024\/11\/Unknown-1-150x150.jpg 150w, https:\/\/voelkischer-schwarzmetall.de\/wp-content\/uploads\/2024\/11\/Unknown-1-768x768.jpg 768w, https:\/\/voelkischer-schwarzmetall.de\/wp-content\/uploads\/2024\/11\/Unknown-1.jpg 1280w\" sizes=\"auto, (max-width: 1024px) 100vw, 1024px\" \/><\/figure><div class=\"wp-block-media-text__content\">\n<p class=\"has-small-font-size\"><strong>Nordglanz &#8211; Verdorrte Dornen stechen noch<\/strong> &#8211; Double LP<strong><br>Release Year: 202<\/strong>4<\/p>\n\n\n\n<p class=\"has-small-font-size\"><br>All LPs are delivered with a protective cover! <\/p>\n\n\n\n<p class=\"has-small-font-size\">Published by Das Arsenal: The black metallers&#8216; last record now on double LP with a total limitation of 250 copies. The whole thing is divided up 74 in black, 88 in marble and 88 in white The double LP comes with a large 21&#215;21 cm booklet, is shrink-wrapped and hand-numbered.<\/p>\n\n\n\n<p class=\"has-small-font-size\"><br><\/p>\n<\/div><\/div>\n\n\n\n<div class=\"wp-block-media-text alignwide\" style=\"grid-template-columns:31% auto\"><figure class=\"wp-block-media-text__media\"><img loading=\"lazy\" decoding=\"async\" width=\"714\" height=\"714\" src=\"https:\/\/voelkischer-schwarzmetall.de\/wp-content\/uploads\/2023\/12\/2cdbb440-563c-4f17-987c-3be684399cb2.jpg\" alt=\"\" class=\"wp-image-191 size-full\" srcset=\"https:\/\/voelkischer-schwarzmetall.de\/wp-content\/uploads\/2023\/12\/2cdbb440-563c-4f17-987c-3be684399cb2.jpg 714w, https:\/\/voelkischer-schwarzmetall.de\/wp-content\/uploads\/2023\/12\/2cdbb440-563c-4f17-987c-3be684399cb2-150x150.jpg 150w, https:\/\/voelkischer-schwarzmetall.de\/wp-content\/uploads\/2023\/12\/2cdbb440-563c-4f17-987c-3be684399cb2-300x300.jpg 300w\" sizes=\"auto, (max-width: 714px) 100vw, 714px\" \/><\/figure><div class=\"wp-block-media-text__content\">\n<p class=\"has-small-font-size\"><strong>Nordglanz &#8211; Verdorrte Dornen stechen noch<\/strong> <strong><br>Release Year: 2023<\/strong><\/p>\n\n\n\n<p class=\"has-small-font-size\"><br>01. Weltparasit<br>02. Barbarossa<br>03. Raureifn\u00e4chte<br>04. Aufstand der Sodoms \u00c4fflinge<br>05. Verdorrte Dornen<br>06. Die Zeit der alten Eichen<br>07. Mons Jovis<br>08. Zeit der Entbehrung<br>09. Gl\u00e4nzende Winter<br><\/p>\n<\/div><\/div>\n\n\n\n<div class=\"wp-block-media-text alignwide\" style=\"grid-template-columns:31% auto\"><figure class=\"wp-block-media-text__media\"><img loading=\"lazy\" decoding=\"async\" width=\"1024\" height=\"1024\" src=\"https:\/\/voelkischer-schwarzmetall.de\/wp-content\/uploads\/2023\/12\/38a70298-ea0f-489e-acb7-9a8e2cfd7374-1024x1024.jpg\" alt=\"\" class=\"wp-image-192 size-full\" srcset=\"https:\/\/voelkischer-schwarzmetall.de\/wp-content\/uploads\/2023\/12\/38a70298-ea0f-489e-acb7-9a8e2cfd7374-1024x1024.jpg 1024w, https:\/\/voelkischer-schwarzmetall.de\/wp-content\/uploads\/2023\/12\/38a70298-ea0f-489e-acb7-9a8e2cfd7374-150x150.jpg 150w, https:\/\/voelkischer-schwarzmetall.de\/wp-content\/uploads\/2023\/12\/38a70298-ea0f-489e-acb7-9a8e2cfd7374-300x300.jpg 300w, https:\/\/voelkischer-schwarzmetall.de\/wp-content\/uploads\/2023\/12\/38a70298-ea0f-489e-acb7-9a8e2cfd7374-768x768.jpg 768w, https:\/\/voelkischer-schwarzmetall.de\/wp-content\/uploads\/2023\/12\/38a70298-ea0f-489e-acb7-9a8e2cfd7374.jpg 1207w\" sizes=\"auto, (max-width: 1024px) 100vw, 1024px\" \/><\/figure><div class=\"wp-block-media-text__content\">\n<p><strong>Nordglanz &#8211; Verdorrte Dornen stechen noch<\/strong> &#8211; Limited Edition (444 pcs)<strong><br>Release Year: 2023<\/strong><\/p>\n\n\n\n<p class=\"has-small-font-size\"><br>01. Weltparasit<br>02. Barbarossa<br>03. Raureifn\u00e4chte<br>04. Aufstand der Sodoms \u00c4fflinge<br>05. Verdorrte Dornen<br>06. Die Zeit der alten Eichen<br>07. Mons Jovis<br>08. Zeit der Entbehrung<br>09. Gl\u00e4nzende Winter<br><\/p>\n<\/div><\/div>\n\n\n\n<div class=\"wp-block-media-text alignwide\" style=\"grid-template-columns:31% auto\"><figure class=\"wp-block-media-text__media\"><img loading=\"lazy\" decoding=\"async\" width=\"230\" height=\"230\" src=\"https:\/\/voelkischer-schwarzmetall.de\/wp-content\/uploads\/2019\/10\/heldenreich-lp.jpg\" alt=\"\" class=\"wp-image-161 size-full\" srcset=\"https:\/\/voelkischer-schwarzmetall.de\/wp-content\/uploads\/2019\/10\/heldenreich-lp.jpg 230w, https:\/\/voelkischer-schwarzmetall.de\/wp-content\/uploads\/2019\/10\/heldenreich-lp-150x150.jpg 150w\" sizes=\"auto, (max-width: 230px) 100vw, 230px\" \/><\/figure><div class=\"wp-block-media-text__content\">\n<p class=\"has-small-font-size\"><strong>Nordglanz &#8211; Heldenreich Double Vinyl LP<br>Vinyl &#8211; available in 3 colours (black, white, red)<br>Release Year: 2019<\/strong><\/p>\n\n\n\n<p class=\"has-small-font-size\">01. Wolfsnacht<br>02. Die schwarze Pest ist da<br>03. Fluss der Heldenasche<br>04. Herrscher der nordischen Welt<br>05. Die ewige Zeit der Eichen<br>06. Germanien wird rein<br>07. Der l\u00e4ngste Tag<br>08. Rache oder Erl\u00f6sung<br>09. Leistet Widerstand <br>10. Gates of Heaven <br>11. Melodien der Nacht<br>12. Der schwarzen Sonne zugewandt &#8211; Live 2018<br>13. Die ewige Zeit der Eichen &#8211;  Live 2018<br><\/p>\n<\/div><\/div>\n\n\n\n<div class=\"wp-block-media-text alignwide\" style=\"grid-template-columns:32% auto\"><figure class=\"wp-block-media-text__media\"><img loading=\"lazy\" decoding=\"async\" width=\"260\" height=\"260\" src=\"https:\/\/voelkischer-schwarzmetall.de\/wp-content\/uploads\/2019\/03\/nordglanz_werwolf-revolte.jpg\" alt=\"\" class=\"wp-image-139 size-full\" srcset=\"https:\/\/voelkischer-schwarzmetall.de\/wp-content\/uploads\/2019\/03\/nordglanz_werwolf-revolte.jpg 260w, https:\/\/voelkischer-schwarzmetall.de\/wp-content\/uploads\/2019\/03\/nordglanz_werwolf-revolte-150x150.jpg 150w\" sizes=\"auto, (max-width: 260px) 100vw, 260px\" \/><\/figure><div class=\"wp-block-media-text__content\">\n<p class=\"has-small-font-size\"><strong>Nordglanz &#8211; Werwolf Revolte<br>normal CD, as Mediabook<br>Release Year: 2019<\/strong><\/p>\n\n\n\n<p class=\"has-small-font-size\">01. Der Pfad<br>02. Revolte<br>03. Walkyria<br>04. Mourning Soul<br>05. Mit uns oder gegen uns<br>06. Totenwanderung<br>07. Nova Europa<br>08. Zur\u00fcck in die W\u00e4lder<br>09. Volkstod<br>10. Werwolf<\/p>\n<\/div><\/div>\n\n\n\n<div class=\"wp-block-media-text alignwide\" style=\"grid-template-columns:32% auto\"><figure class=\"wp-block-media-text__media\"><img loading=\"lazy\" decoding=\"async\" width=\"186\" height=\"177\" src=\"https:\/\/voelkischer-schwarzmetall.de\/wp-content\/uploads\/2019\/01\/sterbendevolk.jpg\" alt=\"\" class=\"wp-image-28 size-full\"\/><\/figure><div class=\"wp-block-media-text__content\">\n<p class=\"has-small-font-size\"><strong>Nordglanz &#8211; Das sterbende Volk<br>normal CD, as Digipack and Wooden Box<br>Release Year: 2016<\/strong><\/p>\n\n\n\n<p class=\"has-small-font-size\">01. Der Infarkt<br>02. Deutscher Sturm<br>03. Tod durch den Strang (Isar)<br>04. Die Auferstehung des Antichrist<br>05. Ukraina<br>06. Freier Denker<br>07. Deutschland<br>08. Das sterbende Volk<br>09. Einst vor langer Zeit<br>10. In Ewigkeit (Bonus) <\/p>\n<\/div><\/div>\n\n\n\n<div class=\"wp-block-media-text alignwide\" style=\"grid-template-columns:33% auto\"><figure class=\"wp-block-media-text__media\"><img loading=\"lazy\" decoding=\"async\" width=\"324\" height=\"237\" src=\"https:\/\/voelkischer-schwarzmetall.de\/wp-content\/uploads\/2019\/01\/kampfhymnen-blech.jpg\" alt=\"\" class=\"wp-image-25 size-full\" srcset=\"https:\/\/voelkischer-schwarzmetall.de\/wp-content\/uploads\/2019\/01\/kampfhymnen-blech.jpg 324w, https:\/\/voelkischer-schwarzmetall.de\/wp-content\/uploads\/2019\/01\/kampfhymnen-blech-300x219.jpg 300w\" sizes=\"auto, (max-width: 324px) 100vw, 324px\" \/><\/figure><div class=\"wp-block-media-text__content\">\n<p class=\"has-small-font-size\"><strong>Nordglanz &#8211; Kampfhymnen Germaniens<br>Metal Box Collectors Edition<br>Release Year: 2016<br>Limited to 333 Pieces<\/strong><\/p>\n\n\n\n<p class=\"has-small-font-size\">01. F\u00fcr das Reich<br>02. Wotan strafe England<br>03. Das H\u00fcnengrab<br>04. Ein Dorf auf Treibjagd<br>05. Frostmarsch<br>06. Wolgawinter<br>07. Das Geheimnis des Stahls<br>08. Oberschlesien<br>09. Wei\u00dfe Rose<br>10. Der schwarzen Sonne zugewand <\/p>\n<\/div><\/div>\n\n\n\n<div class=\"wp-block-media-text alignwide\" style=\"grid-template-columns:33% auto\"><figure class=\"wp-block-media-text__media\"><img loading=\"lazy\" decoding=\"async\" width=\"211\" height=\"300\" src=\"https:\/\/voelkischer-schwarzmetall.de\/wp-content\/uploads\/2019\/02\/nocturnal-mortum.jpeg\" alt=\"\" class=\"wp-image-109 size-full\"\/><\/figure><div class=\"wp-block-media-text__content\">\n<p class=\"has-small-font-size\"><strong>Nocturnal Mortum &#8211; 22 Years Among The Sheep<br>Release Year: 2015<\/strong><\/p>\n\n\n\n<p class=\"has-small-font-size\">Ukraina<\/p>\n<\/div><\/div>\n\n\n\n<div class=\"wp-block-media-text alignwide\" style=\"grid-template-columns:33% auto\"><figure class=\"wp-block-media-text__media\"><img loading=\"lazy\" decoding=\"async\" width=\"495\" height=\"500\" src=\"https:\/\/voelkischer-schwarzmetall.de\/wp-content\/uploads\/2019\/01\/kampfhymnen-vinyl.jpg\" alt=\"\" class=\"wp-image-26 size-full\" srcset=\"https:\/\/voelkischer-schwarzmetall.de\/wp-content\/uploads\/2019\/01\/kampfhymnen-vinyl.jpg 495w, https:\/\/voelkischer-schwarzmetall.de\/wp-content\/uploads\/2019\/01\/kampfhymnen-vinyl-297x300.jpg 297w\" sizes=\"auto, (max-width: 495px) 100vw, 495px\" \/><\/figure><div class=\"wp-block-media-text__content\">\n<p class=\"has-small-font-size\"><strong>Nordglanz &#8211; Kampfhymnen Germaniens LP vinyl<br>Release Year: 2014<br>Label: Last-Resort-Store   <\/strong><\/p>\n\n\n\n<p class=\"has-small-font-size\">01. F\u00fcr das Reich<br>02. Wotan strafe England<br>03. Das H\u00fcnengrab<br>04. Ein Dorf auf Treibjagd<br>05. Wolgawinter<br>06. Das Geheimnis des Stahls<br>07. Oberschlesien<br>08. Wei\u00dfe Rose<br>09. Der schwarzen Sonne zugewand <\/p>\n<\/div><\/div>\n\n\n\n<div class=\"wp-block-media-text alignwide\" style=\"grid-template-columns:34% auto\"><figure class=\"wp-block-media-text__media\"><img loading=\"lazy\" decoding=\"async\" width=\"300\" height=\"265\" src=\"https:\/\/voelkischer-schwarzmetall.de\/wp-content\/uploads\/2019\/01\/fragmentecover.jpg\" alt=\"\" class=\"wp-image-20 size-full\"\/><\/figure><div class=\"wp-block-media-text__content\">\n<p class=\"has-small-font-size\"><strong>Nordglanz &#8211; Fragmente von Einst <br>Release Year: 2014<br>Label: Last-Resort-Store  <\/strong><\/p>\n\n\n\n<p class=\"has-small-font-size\">01. Fragmente von Einst <br>02. S\u00f6hne der Sonne <br>03. Der schwarzen Sonne zugewandt <br>04. Wolgawinter <br>05. F\u00fcr das Reich<br>06. Durch die Moore <br>07. V\u00f6lkerfeind <br>08. Aufstand der Trunkenbolde <\/p>\n<\/div><\/div>\n\n\n\n<div class=\"wp-block-media-text alignwide\" style=\"grid-template-columns:34% auto\"><figure class=\"wp-block-media-text__media\"><img loading=\"lazy\" decoding=\"async\" width=\"300\" height=\"299\" src=\"https:\/\/voelkischer-schwarzmetall.de\/wp-content\/uploads\/2019\/01\/weltenwende.jpg\" alt=\"\" class=\"wp-image-30 size-full\" srcset=\"https:\/\/voelkischer-schwarzmetall.de\/wp-content\/uploads\/2019\/01\/weltenwende.jpg 300w, https:\/\/voelkischer-schwarzmetall.de\/wp-content\/uploads\/2019\/01\/weltenwende-150x150.jpg 150w\" sizes=\"auto, (max-width: 300px) 100vw, 300px\" \/><\/figure><div class=\"wp-block-media-text__content\">\n<p class=\"has-small-font-size\"><strong>Nordglanz &#8211; Weltenwende <br>Release Year: 2012<br>Label: Last-Resort-Store <\/strong><\/p>\n\n\n\n<p class=\"has-small-font-size\">01. Aufmarsch der Einherjer <br>02. Weltenwende (Weltenwende) <br>03. Knights of the Sunwheel <br>04. Blutrache <br>05. Germania umh\u00fcllt von Nacht <br>06. Kameradschaft <br>07. Sonnenburg <br>08. Der alte Runenstein <br>09. Der Ahnen Heimat<br>10. Heiliger Gral<br>11. I am Thor<br>12. Weltenwende (zweite Schlacht) <\/p>\n<\/div><\/div>\n\n\n\n<div class=\"wp-block-media-text alignwide\" style=\"grid-template-columns:33% auto\"><figure class=\"wp-block-media-text__media\"><img loading=\"lazy\" decoding=\"async\" width=\"400\" height=\"399\" src=\"https:\/\/voelkischer-schwarzmetall.de\/wp-content\/uploads\/2019\/01\/vereintimgeistesplit2.jpg\" alt=\"\" class=\"wp-image-29 size-full\" srcset=\"https:\/\/voelkischer-schwarzmetall.de\/wp-content\/uploads\/2019\/01\/vereintimgeistesplit2.jpg 400w, https:\/\/voelkischer-schwarzmetall.de\/wp-content\/uploads\/2019\/01\/vereintimgeistesplit2-150x150.jpg 150w, https:\/\/voelkischer-schwarzmetall.de\/wp-content\/uploads\/2019\/01\/vereintimgeistesplit2-300x300.jpg 300w\" sizes=\"auto, (max-width: 400px) 100vw, 400px\" \/><\/figure><div class=\"wp-block-media-text__content\">\n<p class=\"has-small-font-size\"><strong>Vereint im Geiste &#8211; Vereint im Kampf Teil 2 <br>Release Year: 2010<br>Label: Last-Resort-Store<\/strong><\/p>\n\n\n\n<p class=\"has-small-font-size\">&#8230; <\/p>\n<\/div><\/div>\n\n\n\n<div class=\"wp-block-media-text alignwide\" style=\"grid-template-columns:33% auto\"><figure class=\"wp-block-media-text__media\"><img loading=\"lazy\" decoding=\"async\" width=\"213\" height=\"213\" src=\"https:\/\/voelkischer-schwarzmetall.de\/wp-content\/uploads\/2019\/01\/heldenhaendlern.gif\" alt=\"\" class=\"wp-image-21 size-full\"\/><\/figure><div class=\"wp-block-media-text__content\">\n<p class=\"has-small-font-size\"><strong>Nordglanz &#8211; Von Helden und H\u00e4ndlern <br>Release Year: 2010<br>Label: Last-Resort-Store <\/strong><\/p>\n\n\n\n<p class=\"has-small-font-size\">01. Die Prophezeiung der Seherin <br>02. Die letzte Schlacht der Alten <br>03. S\u00f6hne der Sonne <br>04. T\u00f6ten f\u00fcr Wotan <br>05. Fackelzug <br>06. Aufstand der Trunkenbolde <br>07. Gold gab ich f\u00fcr Eisen <br>08. Es wird das alte Banner weh&#8217;n <br>09. Opferblut<br>10. Untergang des falschen Gottes<br>11. Schwarze Schwingen<br>12. Germaniens letzter Tag <\/p>\n<\/div><\/div>\n\n\n\n<div class=\"wp-block-media-text alignwide\" style=\"grid-template-columns:33% auto\"><figure class=\"wp-block-media-text__media\"><img loading=\"lazy\" decoding=\"async\" width=\"245\" height=\"245\" src=\"https:\/\/voelkischer-schwarzmetall.de\/wp-content\/uploads\/2019\/01\/zeitgeist2.jpg\" alt=\"\" class=\"wp-image-31 size-full\" srcset=\"https:\/\/voelkischer-schwarzmetall.de\/wp-content\/uploads\/2019\/01\/zeitgeist2.jpg 245w, https:\/\/voelkischer-schwarzmetall.de\/wp-content\/uploads\/2019\/01\/zeitgeist2-150x150.jpg 150w\" sizes=\"auto, (max-width: 245px) 100vw, 245px\" \/><\/figure><div class=\"wp-block-media-text__content\">\n<p class=\"has-small-font-size\"><strong>Lieder f\u00fcr einen neuen Zeitgeist Teil 2 <br>Release Year: 2009<br>Label: Last-Resort-Store<\/strong><\/p>\n\n\n\n<p class=\"has-small-font-size\">Two Songs &#8222;Krieg&#8220; and &#8222;Das ewige Leid&#8220; is our contribution to this Sampler. Amongst others, Bands like Sturm 18, Nordfront, Faust, Hauptkampflinie and some more are represented.<\/p>\n<\/div><\/div>\n\n\n\n<div class=\"wp-block-media-text alignwide\" style=\"grid-template-columns:33% auto\"><figure class=\"wp-block-media-text__media\"><img loading=\"lazy\" decoding=\"async\" width=\"266\" height=\"239\" src=\"https:\/\/voelkischer-schwarzmetall.de\/wp-content\/uploads\/2019\/01\/heldenreich-neu.jpg\" alt=\"\" class=\"wp-image-22 size-full\"\/><\/figure><div class=\"wp-block-media-text__content\">\n<p class=\"has-small-font-size\"><strong>Nordglanz &#8211; Heldenreich (Reissue as Digipack) Release Year: 2009<br>Label: Last-Resort-Store<\/strong><\/p>\n\n\n\n<p class=\"has-small-font-size\">01. Wolfsnacht <br>02. Die schwarze Pest ist da <br>03. Fluss der Heldenasche<br>04. Herrscher der nordischen Welt <br>05. Die ewige Zeit der Eichen <br>06. Rache oder Erloesung <br>07. Germanien wird rein <br>08. Der laengste Tag <br>09. Leistet Widerstand<br>10. Gates of Heaven<br>11. Melodien der Nacht (Bonus)<\/p>\n<\/div><\/div>\n\n\n\n<div class=\"wp-block-media-text alignwide\" style=\"grid-template-columns:33% auto\"><figure class=\"wp-block-media-text__media\"><img loading=\"lazy\" decoding=\"async\" width=\"190\" height=\"181\" src=\"https:\/\/voelkischer-schwarzmetall.de\/wp-content\/uploads\/2019\/01\/schwarzmetall.jpg\" alt=\"\" class=\"wp-image-27 size-full\"\/><\/figure><div class=\"wp-block-media-text__content\">\n<p class=\"has-small-font-size\"><strong>Nordglanz &#8211; V\u00f6lkischer Schwarzmetall <br>Release Year: 2007<br>Label: Last-Resort-Store<\/strong><\/p>\n\n\n\n<p class=\"has-small-font-size\">01. V\u00f6lkischer Schwarzmetall <br>02. Durch die Moore <br>03. Stimmen des Waldes <br>04. Gefallener Soldat <br>05. Als die Alten jung noch waren <br>06. In Freiheit geboren <br>07. Fahne zu Fahne <br>08. Schrift der L\u00fcge <\/p>\n<\/div><\/div>\n\n\n\n<div class=\"wp-block-media-text alignwide\" style=\"grid-template-columns:33% auto\"><figure class=\"wp-block-media-text__media\"><img loading=\"lazy\" decoding=\"async\" width=\"190\" height=\"181\" src=\"https:\/\/voelkischer-schwarzmetall.de\/wp-content\/uploads\/2019\/01\/kampfhymnen.jpg\" alt=\"\" class=\"wp-image-24 size-full\"\/><\/figure><div class=\"wp-block-media-text__content\">\n<p class=\"has-small-font-size\"><strong>Nordglanz &#8211; Kampfhymnen Germaniens<br>Release Year: 2006<br>Label: Last Resort<\/strong><\/p>\n\n\n\n<p class=\"has-small-font-size\">01. F\u00fcr das Reich<br>02. Wotan strafe England<br>03. Das H\u00fcnengrab<br>04. Ein Dorf auf Treibjagd<br>05. Frostmarsch<br>06. Wolgawinter<br>07. Das Geheimnis des Stahls<br>08. Oberschlesien<br>09. Wei\u00dfe Rose<br>10. Der schwarzen Sonne zugewandt<\/p>\n<\/div><\/div>\n\n\n\n<div class=\"wp-block-media-text alignwide\" style=\"grid-template-columns:33% auto\"><figure class=\"wp-block-media-text__media\"><img loading=\"lazy\" decoding=\"async\" width=\"300\" height=\"300\" src=\"https:\/\/voelkischer-schwarzmetall.de\/wp-content\/uploads\/2019\/02\/zeitgeist.jpeg\" alt=\"\" class=\"wp-image-89 size-full\" srcset=\"https:\/\/voelkischer-schwarzmetall.de\/wp-content\/uploads\/2019\/02\/zeitgeist.jpeg 300w, https:\/\/voelkischer-schwarzmetall.de\/wp-content\/uploads\/2019\/02\/zeitgeist-150x150.jpeg 150w\" sizes=\"auto, (max-width: 300px) 100vw, 300px\" \/><\/figure><div class=\"wp-block-media-text__content\">\n<p class=\"has-small-font-size\"><strong>Sampler &#8211; Lieder f\u00fcr einen neuen Zeitgeist<br>Release Year: 2007<br>Label: Last Resort<\/strong><\/p>\n\n\n\n<p class=\"has-small-font-size\">H\u00fchnengrab &#8211; Special Version<\/p>\n<\/div><\/div>\n\n\n\n<div class=\"wp-block-media-text alignwide\" style=\"grid-template-columns:33% auto\"><figure class=\"wp-block-media-text__media\"><img loading=\"lazy\" decoding=\"async\" width=\"298\" height=\"300\" src=\"https:\/\/voelkischer-schwarzmetall.de\/wp-content\/uploads\/2019\/02\/way-of-live.jpg\" alt=\"\" class=\"wp-image-88 size-full\" srcset=\"https:\/\/voelkischer-schwarzmetall.de\/wp-content\/uploads\/2019\/02\/way-of-live.jpg 298w, https:\/\/voelkischer-schwarzmetall.de\/wp-content\/uploads\/2019\/02\/way-of-live-150x150.jpg 150w\" sizes=\"auto, (max-width: 298px) 100vw, 298px\" \/><\/figure><div class=\"wp-block-media-text__content\">\n<p class=\"has-small-font-size\"><br><strong>Sampler &#8211; Way of Life vol. 2<br>Release Year: 2007<br>Label: SOS Records<\/strong><\/p>\n\n\n\n<p class=\"has-small-font-size\"> Im Glanze stehen<br>Wie Deutschland untergeht<\/p>\n<\/div><\/div>\n\n\n\n<div class=\"wp-block-media-text alignwide\" style=\"grid-template-columns:33% auto\"><figure class=\"wp-block-media-text__media\"><img loading=\"lazy\" decoding=\"async\" width=\"190\" height=\"181\" src=\"https:\/\/voelkischer-schwarzmetall.de\/wp-content\/uploads\/2019\/01\/heldenreich.jpg\" alt=\"\" class=\"wp-image-23 size-full\"\/><\/figure><div class=\"wp-block-media-text__content\">\n<p class=\"has-small-font-size\"> <br><strong>Nordglanz &#8211; Heldenreich<br>Release Year: 2004<br>Label: Moloko Plus<\/strong> <\/p>\n\n\n\n<p class=\"has-small-font-size\">01. Wolfsnacht <br>02. Die schwarze Pest ist da <br>03. Fluss der Heldenasche<br>04. Herrscher der nordischen Welt <br>05. Die ewige Zeit der Eichen <br>06. Rache oder Erloesung <br>07. Germanien wird rein <br>08. Der laengste Tag <br>09. Leistet Widerstand<br>10. Gates of Heaven<br><\/p>\n<\/div><\/div>\n","protected":false},"excerpt":{"rendered":"<p>Nordglanz &#8211; Verdorrte Dornen stechen noch &#8211; Double LPRelease Year: 2024 All LPs are delivered with a protective cover! Published by Das Arsenal: The black metallers&#8216; last record now on double LP with a total limitation of 250 copies. The whole thing is divided up 74 in black, 88 in marble and 88 in white&#8230; <\/p>\n<div class=\"read-more navbutton\"><a href=\"https:\/\/voelkischer-schwarzmetall.de\/?page_id=32\">Read More<i class=\"fa fa-angle-double-right\"><\/i><\/a><\/div>\n","protected":false},"author":1,"featured_media":0,"parent":0,"menu_order":0,"comment_status":"closed","ping_status":"closed","template":"page-templates\/full-width.php","meta":{"footnotes":""},"class_list":["post-32","page","type-page","status-publish","hentry"],"_links":{"self":[{"href":"https:\/\/voelkischer-schwarzmetall.de\/index.php?rest_route=\/wp\/v2\/pages\/32","targetHints":{"allow":["GET"]}}],"collection":[{"href":"https:\/\/voelkischer-schwarzmetall.de\/index.php?rest_route=\/wp\/v2\/pages"}],"about":[{"href":"https:\/\/voelkischer-schwarzmetall.de\/index.php?rest_route=\/wp\/v2\/types\/page"}],"author":[{"embeddable":true,"href":"https:\/\/voelkischer-schwarzmetall.de\/index.php?rest_route=\/wp\/v2\/users\/1"}],"replies":[{"embeddable":true,"href":"https:\/\/voelkischer-schwarzmetall.de\/index.php?rest_route=%2Fwp%2Fv2%2Fcomments&post=32"}],"version-history":[{"count":30,"href":"https:\/\/voelkischer-schwarzmetall.de\/index.php?rest_route=\/wp\/v2\/pages\/32\/revisions"}],"predecessor-version":[{"id":224,"href":"https:\/\/voelkischer-schwarzmetall.de\/index.php?rest_route=\/wp\/v2\/pages\/32\/revisions\/224"}],"wp:attachment":[{"href":"https:\/\/voelkischer-schwarzmetall.de\/index.php?rest_route=%2Fwp%2Fv2%2Fmedia&parent=32"}],"curies":[{"name":"wp","href":"https:\/\/api.w.org\/{rel}","templated":true}]}}